{"id":39,"date":"2020-11-13T17:29:59","date_gmt":"2020-11-13T16:29:59","guid":{"rendered":"https:\/\/cofri.com\/?page_id=39"},"modified":"2021-01-18T10:32:14","modified_gmt":"2021-01-18T09:32:14","slug":"privacidad","status":"publish","type":"page","link":"https:\/\/cofri.com\/es\/privacidad\/","title":{"rendered":"Pol\u00edtica de Privacidad"},"content":{"rendered":"<p>En Comercial Frutera Ilerdense SA nos preocupamos por la privacidad y la transparencia.<\/p>\n<p>A continuaci\u00f3n, le indicamos en detalle los tratamientos de datos personales que realizamos, as\u00ed como toda la informaci\u00f3n relativa a los mismos.<\/p>\n<p>COFRI (Comercial Frutera Ilerdense SA) tiene implementadas las medidas de seguridad, de \u00edndole t\u00e9cnica y organizativas, para garantizar y proteger la confidencialidad, integridad y disponibilidad de los datos de car\u00e1cter personal recogidos, trat\u00e1ndolos de manera l\u00edcita, leal y transparente en relaci\u00f3n al interesado y adecuados, pertinentes y limitados en relaci\u00f3n a las finalidades para las que son tratados, dando as\u00ed cumplimiento a la normativa vigente en materia de protecci\u00f3n de datos, reflejada en el Reglamento Europeo (UE) 2016\/679, de 27 de abril, (RGPD) relativo a la protecci\u00f3n de las personas f\u00edsicas en lo que respecta al tratamiento de datos personales y a la libre circulaci\u00f3n de estos datos, a la Ley Org\u00e1nica 3\/2018 de 5 de diciembre de protecci\u00f3n de datos personales y Garant\u00eda de Derechos Digitales (LOPDGDD) y en la Ley 34\/2002, de 11 de julio, de Servicios de la Sociedad de la Informaci\u00f3n y Comercio Electr\u00f3nico (LSSICE).<\/p>\n<p>&nbsp;<\/p>\n<h3><u>TRATAMIENTO DE LOS DATOS DE CLIENTES<\/u><\/h3>\n<p>&nbsp;<\/p>\n<h3>INFORMACI\u00d3N B\u00c1SICA SOBRE PROTECCI\u00d3N DE DATOS<\/h3>\n<p>&#8211; Responsable: Comercial Frutera Ilerdense SA<br \/>\n&#8211; Finalidad: Prestar los servicios solicitados y enviar comunicaciones comerciales v\u00eda electr\u00f3nica<br \/>\n&#8211; Legitimaci\u00f3n: Ejecuci\u00f3n de un contrato. Inter\u00e9s leg\u00edtimo del Responsable.<br \/>\n&#8211; Destinatarios: Est\u00e1n previstas cesiones de datos a: Administraci\u00f3n Tributaria; Entidades financieras.<br \/>\n&#8211; Derechos: Tiene derecho a acceder, rectificar y suprimir los datos, as\u00ed como otros derechos, indicados en la informaci\u00f3n adicional, que puede ejercer dirigi\u00e9ndose a la direcci\u00f3n del responsable del tratamiento.<br \/>\n-Procedencia: El propio interesado.<\/p>\n<p>&nbsp;<\/p>\n<h3>INFORMACI\u00d3N COMPLETA SOBRE PROTECCI\u00d3N DE DATOS<\/h3>\n<p>&nbsp;<\/p>\n<h3>1. \u00bfQui\u00e9n es el responsable del tratamiento de sus datos?<\/h3>\n<p>Comercial Frutera Ilerdense SA.<br \/>\nA25066077.<br \/>\nPassatge Joc de la Bola 4 2\u00ba 1\u00aa &#8211; 25003 &#8211; Lleida &#8211; LLEIDA.<br \/>\n973267886<br \/>\ninfo@cofri.com<\/p>\n<p>&nbsp;<\/p>\n<h3>2. \u00bfCon qu\u00e9 finalidad tratamos sus datos personales?<\/h3>\n<p>En Comercial Frutera Ilerdense SA tratamos la informaci\u00f3n que nos facilitan las personas interesadas con el fin de realizar la gesti\u00f3n administrativa, contable y fiscal de los servicios solicitados, as\u00ed como enviar comunicaciones comerciales sobre nuestros productos y servicios. En el caso de que no facilite sus datos personales, no podremos cumplir con las funcionalidades descritas anteriormente.<\/p>\n<p>No se van a tomar decisiones automatizadas en base a los datos proporcionados.<\/p>\n<p>&nbsp;<\/p>\n<h3>3. \u00bfPor cu\u00e1nto tiempo conservaremos sus datos?<\/h3>\n<p>Los datos se conservar\u00e1n mientras el interesado no solicite su supresi\u00f3n, y en su caso, durante los a\u00f1os necesarios para cumplir con las obligaciones legales.<\/p>\n<p>&nbsp;<\/p>\n<h3>4. \u00bfCu\u00e1l es la legitimaci\u00f3n para el tratamiento de sus datos?<\/h3>\n<p>Le indicamos la base legal para el tratamiento de sus datos:<\/p>\n<p>Ejecuci\u00f3n de un contrato: Realizar la gesti\u00f3n administrativa, contable y fiscal de los servicios solicitados.<br \/>\nInter\u00e9s leg\u00edtimo del Responsable: Enviar comunicaciones comerciales v\u00eda electr\u00f3nica sobre nuestros productos y servicios.<\/p>\n<p>&nbsp;<\/p>\n<h3>5. \u00bfA qu\u00e9 destinatarios se comunicar\u00e1n sus datos?<\/h3>\n<p>Los datos se comunicar\u00e1n a los siguientes destinatarios:<br \/>\n&#8211; Administraci\u00f3n Tributaria, con la finalidad de cumplir con las obligaciones legales (requisito legal).<br \/>\n&#8211; Entidades financieras, con la finalidad de girar los recibos correspondientes (requisito contractual).<\/p>\n<p>&nbsp;<\/p>\n<h3>6. Transferencias de datos a terceros pa\u00edses<\/h3>\n<p>No est\u00e1n previstas transferencias de datos a terceros pa\u00edses.<\/p>\n<p>&nbsp;<\/p>\n<h3>7. \u00bfCu\u00e1les son sus derechos cuando nos facilita sus datos?<\/h3>\n<p>Cualquier persona tiene derecho a obtener confirmaci\u00f3n sobre si en Comercial Frutera Ilerdense SA estamos tratando, o no, datos personales que les conciernan.<\/p>\n<p>Las personas interesadas tienen derecho a acceder a sus datos personales, as\u00ed como a solicitar la rectificaci\u00f3n de los datos inexactos o, en su caso, solicitar su supresi\u00f3n cuando, entre otros motivos, los datos ya no sean necesarios para los fines que fueron recogidos. Igualmente tiene derecho a la portabilidad de sus datos.<\/p>\n<p>En determinadas circunstancias, los interesados podr\u00e1n solicitar la limitaci\u00f3n del tratamiento de sus datos, en cuyo caso \u00fanicamente los conservaremos para el ejercicio o la defensa de reclamaciones.<\/p>\n<p>En determinadas circunstancias y por motivos relacionados con su situaci\u00f3n particular, los interesados podr\u00e1n oponerse al tratamiento de sus datos. En este caso, Comercial Frutera Ilerdense SA dejar\u00e1 de tratar los datos, salvo por motivos leg\u00edtimos imperiosos, o el ejercicio o la defensa de posibles reclamaciones.<\/p>\n<p>Podr\u00e1 ejercitar materialmente sus derechos de la siguiente forma: dirigi\u00e9ndose a la direcci\u00f3n del responsable del tratamiento<\/p>\n<p>Cuando se realice el env\u00edo de comunicaciones comerciales utilizando como base jur\u00eddica el inter\u00e9s leg\u00edtimo del responsable, el interesado podr\u00e1 oponerse al tratamiento de sus datos con ese fin.<\/p>\n<p>Si ha otorgado su consentimiento para alguna finalidad concreta, tiene derecho a retirar el consentimiento otorgado en cualquier momento, sin que ello afecte a la licitud del tratamiento basado en el consentimiento previo a su retirada.<\/p>\n<p>En caso de que sienta vulnerados sus derechos en lo concerniente a la protecci\u00f3n de sus datos personales, especialmente cuando no haya obtenido satisfacci\u00f3n en el ejercicio de sus derechos, puede presentar una reclamaci\u00f3n ante la Autoridad de Control en materia de Protecci\u00f3n de Datos competente a trav\u00e9s de su sitio web: www.aepd.es.<\/p>\n<p>&nbsp;<\/p>\n<h3>8. \u00bfC\u00f3mo hemos obtenido sus datos?<\/h3>\n<p>Los datos personales que tratamos en Comercial Frutera Ilerdense SA proceden de: El propio interesado.<\/p>\n<p>&nbsp;<\/p>\n<h3><u>TRATAMIENTO DE LOS DATOS DEL PERSONAL<\/u><\/h3>\n<p>&nbsp;<\/p>\n<h3>INFORMACI\u00d3N B\u00c1SICA SOBRE PROTECCI\u00d3N DE DATOS<\/h3>\n<p>&#8211; Responsable: Comercial Frutera Ilerdense SA<br \/>\n&#8211; Finalidad: Prestar los servicios solicitados y enviar comunicaciones comerciales v\u00eda electr\u00f3nica<br \/>\n&#8211; Legitimaci\u00f3n: Ejecuci\u00f3n de un contrato. Inter\u00e9s leg\u00edtimo del Responsable.<br \/>\n&#8211; Destinatarios: Est\u00e1n previstas cesiones de datos a: Administraci\u00f3n Tributaria; Entidades financieras.<br \/>\n&#8211; Derechos: Tiene derecho a acceder, rectificar y suprimir los datos, as\u00ed como otros derechos, indicados en la informaci\u00f3n adicional, que puede ejercer dirigi\u00e9ndose a la direcci\u00f3n del responsable del tratamiento.<br \/>\n&#8211; Procedencia: El propio interesado.<\/p>\n<p>&nbsp;<\/p>\n<h3>INFORMACI\u00d3N COMPLETA SOBRE PROTECCI\u00d3N DE DATOS<\/h3>\n<p>&nbsp;<\/p>\n<h3>1. \u00bfQui\u00e9n es el responsable del tratamiento de sus datos?<\/h3>\n<p>Comercial Frutera Ilerdense SA.<br \/>\nA25066077.<br \/>\nPassatge Joc de la Bola 4 2\u00ba 1\u00aa &#8211; 25003 &#8211; Lleida &#8211; LLEIDA.<br \/>\n973267886.<br \/>\ninfo@cofri.com.<\/p>\n<p>&nbsp;<\/p>\n<h3>2. \u00bfCon qu\u00e9 finalidad tratamos sus datos personales?<\/h3>\n<p>En Comercial Frutera Ilerdense SA tratamos la informaci\u00f3n que nos facilitan las personas interesadas con el fin de realizar la gesti\u00f3n administrativa, contable y fiscal de los servicios solicitados, as\u00ed como enviar comunicaciones comerciales sobre nuestros productos y servicios. En el caso de que no facilite sus datos personales, no podremos cumplir con las funcionalidades descritas anteriormente.<\/p>\n<p>No se van a tomar decisiones automatizadas en base a los datos proporcionados.<\/p>\n<p>&nbsp;<\/p>\n<h3>3. \u00bfPor cu\u00e1nto tiempo conservaremos sus datos?<\/h3>\n<p>Mientras se mantenga la relaci\u00f3n laboral con la entidad y durante los a\u00f1os necesarios para cumplir con las obligaciones legales.<\/p>\n<p>&nbsp;<\/p>\n<h3>4. \u00bfCu\u00e1l es la legitimaci\u00f3n para el tratamiento de sus datos?<\/h3>\n<p>Le indicamos la base legal para el tratamiento de sus datos:<\/p>\n<p>Ejecuci\u00f3n de un contrato: Gesti\u00f3n de personal y formaci\u00f3n.<br \/>\nCumplimiento de una obligaci\u00f3n legal: Prevenci\u00f3n de riesgos laborales y vigilancia de la salud; elaboraci\u00f3n de n\u00f3minas, seguros sociales y cotizaciones.<\/p>\n<p>&nbsp;<\/p>\n<h3>5. \u00bfA qu\u00e9 destinatarios se comunicar\u00e1n sus datos?<\/h3>\n<p>Los datos se comunicar\u00e1n a los siguientes destinatarios:<br \/>\n&#8211; Administraci\u00f3n Tributaria, Seguridad Social y Mutua, con la finalidad de cumplimiento de las obligaciones legales (requisito legal).<br \/>\n&#8211; Bancos y entidades financieras, con la finalidad de realizar el pago de las n\u00f3minas (requisito contractual).<br \/>\n&#8211; Fundaci\u00f3n estatal para la formaci\u00f3n en el empleo (Fundae), con la finalidad de realizar la gesti\u00f3n de los cursos bonificados (requisito contractual).<\/p>\n<p>&nbsp;<\/p>\n<h3>6. Transferencias de datos a terceros pa\u00edses<\/h3>\n<p>No est\u00e1n previstas transferencias de datos a terceros pa\u00edses.<\/p>\n<p>&nbsp;<\/p>\n<h3>7. \u00bfCu\u00e1les son sus derechos cuando nos facilita sus datos?<\/h3>\n<p>Cualquier persona tiene derecho a obtener confirmaci\u00f3n sobre si en Comercial Frutera Ilerdense SA estamos tratando, o no, datos personales que les conciernan.<\/p>\n<p>Las personas interesadas tienen derecho a acceder a sus datos personales, as\u00ed como a solicitar la rectificaci\u00f3n de los datos inexactos o, en su caso, solicitar su supresi\u00f3n cuando, entre otros motivos, los datos ya no sean necesarios para los fines que fueron recogidos. Igualmente tiene derecho a la portabilidad de sus datos.<\/p>\n<p>En determinadas circunstancias, los interesados podr\u00e1n solicitar la limitaci\u00f3n del tratamiento de sus datos, en cuyo caso \u00fanicamente los conservaremos para el ejercicio o la defensa de reclamaciones.<\/p>\n<p>En determinadas circunstancias y por motivos relacionados con su situaci\u00f3n particular, los interesados podr\u00e1n oponerse al tratamiento de sus datos. En este caso, Comercial Frutera Ilerdense SA dejar\u00e1 de tratar los datos, salvo por motivos leg\u00edtimos imperiosos, o el ejercicio o la defensa de posibles reclamaciones.<\/p>\n<p>Podr\u00e1 ejercitar materialmente sus derechos de la siguiente forma: dirigi\u00e9ndose a la direcci\u00f3n del responsable del tratamiento<\/p>\n<p>Cuando se realice el env\u00edo de comunicaciones comerciales utilizando como base jur\u00eddica el inter\u00e9s leg\u00edtimo del responsable, el interesado podr\u00e1 oponerse al tratamiento de sus datos con ese fin.<\/p>\n<p>Si ha otorgado su consentimiento para alguna finalidad concreta, tiene derecho a retirar el consentimiento otorgado en cualquier momento, sin que ello afecte a la licitud del tratamiento basado en el consentimiento previo a su retirada.<\/p>\n<p>En caso de que sienta vulnerados sus derechos en lo concerniente a la protecci\u00f3n de sus datos personales, especialmente cuando no haya obtenido satisfacci\u00f3n en el ejercicio de sus derechos, puede presentar una reclamaci\u00f3n ante la Autoridad de Control en materia de Protecci\u00f3n de Datos competente a trav\u00e9s de su sitio web: www.aepd.es.<\/p>\n<p>&nbsp;<\/p>\n<h3>8. \u00bfC\u00f3mo hemos obtenido sus datos?<\/h3>\n<p>Los datos personales que tratamos en Comercial Frutera Ilerdense SA proceden de: El propio interesado.<\/p>\n<p>&nbsp;<\/p>\n<p>&nbsp;<\/p>\n<p>&nbsp;<\/p>\n","protected":false},"excerpt":{"rendered":"<p>En Comercial Frutera Ilerdense SA nos preocupamos por la privacidad y la transparencia. A continuaci\u00f3n, le indicamos en detalle los tratamientos de datos personales que realizamos, as\u00ed como toda la informaci\u00f3n relativa a los mismos. COFRI (Comercial Frutera Ilerdense SA) tiene implementadas las medidas de&#8230;<\/p>\n","protected":false},"author":1,"featured_media":0,"parent":0,"menu_order":0,"comment_status":"closed","ping_status":"closed","template":"","meta":{"footnotes":""},"class_list":["post-39","page","type-page","status-publish","hentry"],"yoast_head":"<!-- This site is optimized with the Yoast SEO plugin v26.4 - https:\/\/yoast.com\/wordpress\/plugins\/seo\/ -->\n<title>Pol\u00edtica de Privacidad | Cofri<\/title>\n<meta name=\"robots\" content=\"noindex, nofollow\" \/>\n<meta property=\"og:locale\" content=\"es_ES\" \/>\n<meta property=\"og:type\" content=\"article\" \/>\n<meta property=\"og:title\" content=\"Pol\u00edtica de Privacidad | Cofri\" \/>\n<meta property=\"og:description\" content=\"En Comercial Frutera Ilerdense SA nos preocupamos por la privacidad y la transparencia. A continuaci\u00f3n, le indicamos en detalle los tratamientos de datos personales que realizamos, as\u00ed como toda la informaci\u00f3n relativa a los mismos. COFRI (Comercial Frutera Ilerdense SA) tiene implementadas las medidas de...\" \/>\n<meta property=\"og:url\" content=\"https:\/\/cofri.com\/es\/privacidad\/\" \/>\n<meta property=\"og:site_name\" content=\"Cofri\" \/>\n<meta property=\"article:modified_time\" content=\"2021-01-18T09:32:14+00:00\" \/>\n<meta name=\"twitter:card\" content=\"summary_large_image\" \/>\n<meta name=\"twitter:label1\" content=\"Tiempo de lectura\" \/>\n\t<meta name=\"twitter:data1\" content=\"8 minutos\" \/>\n<script type=\"application\/ld+json\" class=\"yoast-schema-graph\">{\"@context\":\"https:\/\/schema.org\",\"@graph\":[{\"@type\":\"WebPage\",\"@id\":\"https:\/\/cofri.com\/es\/privacidad\/\",\"url\":\"https:\/\/cofri.com\/es\/privacidad\/\",\"name\":\"Pol\u00edtica de Privacidad | Cofri\",\"isPartOf\":{\"@id\":\"https:\/\/cofri.com\/es\/#website\"},\"datePublished\":\"2020-11-13T16:29:59+00:00\",\"dateModified\":\"2021-01-18T09:32:14+00:00\",\"breadcrumb\":{\"@id\":\"https:\/\/cofri.com\/es\/privacidad\/#breadcrumb\"},\"inLanguage\":\"es\",\"potentialAction\":[{\"@type\":\"ReadAction\",\"target\":[\"https:\/\/cofri.com\/es\/privacidad\/\"]}]},{\"@type\":\"BreadcrumbList\",\"@id\":\"https:\/\/cofri.com\/es\/privacidad\/#breadcrumb\",\"itemListElement\":[{\"@type\":\"ListItem\",\"position\":1,\"name\":\"Portada\",\"item\":\"https:\/\/cofri.com\/es\/\"},{\"@type\":\"ListItem\",\"position\":2,\"name\":\"Pol\u00edtica de Privacidad\"}]},{\"@type\":\"WebSite\",\"@id\":\"https:\/\/cofri.com\/es\/#website\",\"url\":\"https:\/\/cofri.com\/es\/\",\"name\":\"Cofri\",\"description\":\"\",\"publisher\":{\"@id\":\"https:\/\/cofri.com\/es\/#organization\"},\"potentialAction\":[{\"@type\":\"SearchAction\",\"target\":{\"@type\":\"EntryPoint\",\"urlTemplate\":\"https:\/\/cofri.com\/es\/?s={search_term_string}\"},\"query-input\":{\"@type\":\"PropertyValueSpecification\",\"valueRequired\":true,\"valueName\":\"search_term_string\"}}],\"inLanguage\":\"es\"},{\"@type\":\"Organization\",\"@id\":\"https:\/\/cofri.com\/es\/#organization\",\"name\":\"Cofri\",\"url\":\"https:\/\/cofri.com\/es\/\",\"logo\":{\"@type\":\"ImageObject\",\"inLanguage\":\"es\",\"@id\":\"https:\/\/cofri.com\/es\/#\/schema\/logo\/image\/\",\"url\":\"https:\/\/cofri.com\/wp-content\/uploads\/2020\/12\/COFRI-logo-300.svg\",\"contentUrl\":\"https:\/\/cofri.com\/wp-content\/uploads\/2020\/12\/COFRI-logo-300.svg\",\"width\":300,\"height\":180,\"caption\":\"Cofri\"},\"image\":{\"@id\":\"https:\/\/cofri.com\/es\/#\/schema\/logo\/image\/\"}}]}<\/script>\n<!-- \/ Yoast SEO plugin. -->","yoast_head_json":{"title":"Pol\u00edtica de Privacidad | Cofri","robots":{"index":"noindex","follow":"nofollow"},"og_locale":"es_ES","og_type":"article","og_title":"Pol\u00edtica de Privacidad | Cofri","og_description":"En Comercial Frutera Ilerdense SA nos preocupamos por la privacidad y la transparencia. A continuaci\u00f3n, le indicamos en detalle los tratamientos de datos personales que realizamos, as\u00ed como toda la informaci\u00f3n relativa a los mismos. COFRI (Comercial Frutera Ilerdense SA) tiene implementadas las medidas de...","og_url":"https:\/\/cofri.com\/es\/privacidad\/","og_site_name":"Cofri","article_modified_time":"2021-01-18T09:32:14+00:00","twitter_card":"summary_large_image","twitter_misc":{"Tiempo de lectura":"8 minutos"},"schema":{"@context":"https:\/\/schema.org","@graph":[{"@type":"WebPage","@id":"https:\/\/cofri.com\/es\/privacidad\/","url":"https:\/\/cofri.com\/es\/privacidad\/","name":"Pol\u00edtica de Privacidad | Cofri","isPartOf":{"@id":"https:\/\/cofri.com\/es\/#website"},"datePublished":"2020-11-13T16:29:59+00:00","dateModified":"2021-01-18T09:32:14+00:00","breadcrumb":{"@id":"https:\/\/cofri.com\/es\/privacidad\/#breadcrumb"},"inLanguage":"es","potentialAction":[{"@type":"ReadAction","target":["https:\/\/cofri.com\/es\/privacidad\/"]}]},{"@type":"BreadcrumbList","@id":"https:\/\/cofri.com\/es\/privacidad\/#breadcrumb","itemListElement":[{"@type":"ListItem","position":1,"name":"Portada","item":"https:\/\/cofri.com\/es\/"},{"@type":"ListItem","position":2,"name":"Pol\u00edtica de Privacidad"}]},{"@type":"WebSite","@id":"https:\/\/cofri.com\/es\/#website","url":"https:\/\/cofri.com\/es\/","name":"Cofri","description":"","publisher":{"@id":"https:\/\/cofri.com\/es\/#organization"},"potentialAction":[{"@type":"SearchAction","target":{"@type":"EntryPoint","urlTemplate":"https:\/\/cofri.com\/es\/?s={search_term_string}"},"query-input":{"@type":"PropertyValueSpecification","valueRequired":true,"valueName":"search_term_string"}}],"inLanguage":"es"},{"@type":"Organization","@id":"https:\/\/cofri.com\/es\/#organization","name":"Cofri","url":"https:\/\/cofri.com\/es\/","logo":{"@type":"ImageObject","inLanguage":"es","@id":"https:\/\/cofri.com\/es\/#\/schema\/logo\/image\/","url":"https:\/\/cofri.com\/wp-content\/uploads\/2020\/12\/COFRI-logo-300.svg","contentUrl":"https:\/\/cofri.com\/wp-content\/uploads\/2020\/12\/COFRI-logo-300.svg","width":300,"height":180,"caption":"Cofri"},"image":{"@id":"https:\/\/cofri.com\/es\/#\/schema\/logo\/image\/"}}]}},"_links":{"self":[{"href":"https:\/\/cofri.com\/es\/wp-json\/wp\/v2\/pages\/39","targetHints":{"allow":["GET"]}}],"collection":[{"href":"https:\/\/cofri.com\/es\/wp-json\/wp\/v2\/pages"}],"about":[{"href":"https:\/\/cofri.com\/es\/wp-json\/wp\/v2\/types\/page"}],"author":[{"embeddable":true,"href":"https:\/\/cofri.com\/es\/wp-json\/wp\/v2\/users\/1"}],"replies":[{"embeddable":true,"href":"https:\/\/cofri.com\/es\/wp-json\/wp\/v2\/comments?post=39"}],"version-history":[{"count":0,"href":"https:\/\/cofri.com\/es\/wp-json\/wp\/v2\/pages\/39\/revisions"}],"wp:attachment":[{"href":"https:\/\/cofri.com\/es\/wp-json\/wp\/v2\/media?parent=39"}],"curies":[{"name":"wp","href":"https:\/\/api.w.org\/{rel}","templated":true}]}}